{"id":616,"date":"2018-05-02T17:43:12","date_gmt":"2018-05-02T15:43:12","guid":{"rendered":"http:\/\/www.agriturlaterra.it\/dove-siamo-come-arrivare\/"},"modified":"2025-07-09T16:30:29","modified_gmt":"2025-07-09T14:30:29","slug":"arco-lago-garda","status":"publish","type":"page","link":"https:\/\/www.agriturlaterra.it\/de\/arco-lago-garda\/","title":{"rendered":"Umgebung"},"content":{"rendered":"<div class=\"wpb-content-wrapper\"><p>[vc_row][vc_column][vc_masonry_media_grid gap=&#8221;0&#8243; item=&#8221;758&#8243; initial_loading_animation=&#8221;fadeIn&#8221; grid_id=&#8221;vc_gid:1752071387666-cdb38f6d-6ae6-1&#8243; include=&#8221;881,878,876,832,880,877&#8243;][\/vc_column][\/vc_row][vc_row][vc_column width=&#8221;1\/2&#8243;][vc_column_text]<\/p>\n<h2>Trentino Guest Card<\/h2>\n<p>Genie\u00dfen Sie f\u00fcr die Zeit Ihres Aufenthalts Verg\u00fcnstigungen f\u00fcr Museen, Schl\u00f6sser und Sehensw\u00fcrdigkeiten. Gerne informieren wir Sie auch \u00fcber die M\u00f6glichkeiten \u00f6ffentliche Verkehrsmittel kostenlos zu nutzen.[\/vc_column_text][\/vc_column][vc_column width=&#8221;1\/2&#8243;][vc_single_image image=&#8221;801&#8243; img_size=&#8221;full&#8221; alignment=&#8221;right&#8221;][\/vc_column][\/vc_row][vc_row][vc_column][vc_column_text]Mehr Informationen erhalten Sie unter <a href=\"https:\/\/www.gardatrentino.it\/it\/Guest-Card-Trentino\" target=\"_blank\" rel=\"noopener\">www.gardatrentino.it\/it\/Guest-Card-Trentino<\/a>.[\/vc_column_text][\/vc_column][\/vc_row][vc_row][vc_column width=&#8221;1\/2&#8243;][vc_column_text]<\/p>\n<h2>Weinbau &amp; Erzeugnisse<\/h2>\n<p>Seit drei Generationen bauen wir hochqualitative Weintrauben wie die Sorten Cabernet, Merlot, Pinot Grigio und Chardonnay an. Zudem hat sich unser Familienbetrieb auf den Oliven- und Maronianbau spezialisiert. Unsere G\u00e4ste verw\u00f6hnen wir beim Fr\u00fchst\u00fcck mit unseren Spezialit\u00e4ten, selbstgemachten Marmeladen und frischen Fr\u00fcchten, wie Kirschen, Aprikosen, Pflaumen und Birnen.[\/vc_column_text][\/vc_column][vc_column width=&#8221;1\/2&#8243;][vc_single_image image=&#8221;1028&#8243; img_size=&#8221;full&#8221; alignment=&#8221;right&#8221; onclick=&#8221;kalium_lightbox&#8221;][\/vc_column][\/vc_row][vc_row][vc_column width=&#8221;2\/3&#8243;][vc_column_text]Mehr Informationen erhalten Sie unter <a href=\"http:\/\/www.mezzacorona.it\/de\" target=\"_blank\" rel=\"noopener\">www.mezzacorona.it<\/a>.[\/vc_column_text][\/vc_column][vc_column width=&#8221;1\/3&#8243;][vc_column_text]<a href=\"http:\/\/www.mezzacorona.it\/de\" target=\"_blank\" rel=\"noopener\"><img loading=\"lazy\" decoding=\"async\" class=\"inline-logo\" style=\"float: right;\" src=\"https:\/\/www.agriturlaterra.it\/wp-content\/uploads\/2018\/06\/cantina-mezza-corona-trento-300x129.png\" alt=\"\" width=\"300\" height=\"129\" \/><\/a>[\/vc_column_text][\/vc_column][\/vc_row][vc_row][vc_column width=&#8221;1\/2&#8243;][vc_column_text]<\/p>\n<h2>Events am Gardasee<\/h2>\n<p>Bunt wie das Leben im Garda Trentino zeigt sich auch der dazu passende Eventkalender: Facettenreich und vielseitig ist er von Januar bis Dezember mit zahlreichen Highlights sowohl f\u00fcr sportlich ambitionierte Gardasee-Liebhaber als auch f\u00fcr Kulturfreunde gef\u00fcllt. F\u00fcr fachliche Akzente sorgt indes die Messe in Riva del Garda, die von Jahr zu Jahr immer neue Expo-Highlights pr\u00e4sentiert.[\/vc_column_text][\/vc_column][vc_column width=&#8221;1\/2&#8243;][vc_single_image image=&#8221;1294&#8243; img_size=&#8221;full&#8221; alignment=&#8221;right&#8221;][\/vc_column][\/vc_row][vc_row][vc_column][vc_column_text]Mehr Informationen erhalten Sie unter <a href=\"https:\/\/www.gardatrentino.it\/de\/entdecken\/veranstaltungen\" target=\"_blank\" rel=\"noopener\">https:\/\/www.gardatrentino.it\/de\/entdecken\/veranstaltungen<\/a>.[\/vc_column_text][\/vc_column][\/vc_row][vc_row][vc_column width=&#8221;1\/2&#8243;][vc_column_text]<\/p>\n<h2>Erkundung der atemberaubenden Touren des Garda Trentino<\/h2>\n<p>Das Drau\u00dfen hautnah\u2019 sp\u00fcren. Ob am Fels, auf\u00a0<strong>Trails oder bike<\/strong>, Wandersteigen, malerischen Nebenstra\u00dfen oder im erfrischenden Nass: Ruhig dazusitzen wird schwierig \u2013 zu verlockend sind die zahlreichen M\u00f6glichkeiten,\u00a0<strong>sportlich in der Naturkulisse Garda Trentino<\/strong>\u00a0unterwegs zu sein. Ob Outdoorfreak oder Gelegenheitssportler \u2013 alle finden zwischen Erde, Himmel, Wasser und Fels das passende Aktivangebot..[\/vc_column_text][\/vc_column][vc_column width=&#8221;1\/2&#8243;][vc_single_image image=&#8221;1297&#8243; img_size=&#8221;full&#8221; alignment=&#8221;right&#8221;][\/vc_column][\/vc_row][vc_row][vc_column][vc_column_text]Mehr Informationen erhalten Sie unter <a href=\"https:\/\/www.gardatrentino.it\/de\/outdoor\/touren\" target=\"_blank\" rel=\"noopener\">https:\/\/www.gardatrentino.it\/de\/outdoor\/touren<\/a>.[\/vc_column_text][\/vc_column][\/vc_row][vc_row][vc_column][vc_column_text css=&#8221;&#8221;]<\/p>\n<h2>CLEVER TRANSFER<\/h2>\n<p>[\/vc_column_text][vc_raw_html css=&#8221;&#8221;]JTNDaWZyYW1lJTIwaWQlM0QlMjJjbGV2ZXJ0cmFuc2Zlci13aWRnZXQlMjIlMjBzcmMlM0QlMjJodHRwcyUzQSUyRiUyRmNsZXZlcnRyYW5zZmVyLmV1JTJGd2lkZ2V0JTJGJTNGbGFuZ3VhZ2UlM0RkZSUyNnRva2VuJTNEMWZmN2QxNzItNjk3NC00OTBhLThhNGMtNDhjZDhmMzQ4MTQxJTIyJTIwd2lkdGglM0QlMjIxMDAlMjUlMjIlMjBmcmFtZWJvcmRlciUzRCUyMjAlMjIlM0UlM0MlMkZpZnJhbWUlM0UlM0NzY3JpcHQlMjBzcmMlM0QlMjJodHRwcyUzQSUyRiUyRmNsZXZlcnRyYW5zZmVyLmV1JTJGd2lkZ2V0JTJGc2NyaXB0LmpzJTIyJTNFJTNDJTJGc2NyaXB0JTNFJTBEJTBBJTBEJTBB[\/vc_raw_html][\/vc_column][\/vc_row]<\/p>\n<\/div>","protected":false},"excerpt":{"rendered":"<p>[vc_row][vc_column][vc_masonry_media_grid gap=&#8221;0&#8243; item=&#8221;758&#8243; initial_loading_animation=&#8221;fadeIn&#8221; grid_id=&#8221;vc_gid:1752071387666-cdb38f6d-6ae6-1&#8243; include=&#8221;881,878,876,832,880,877&#8243;][\/vc_column][\/vc_row][vc_row][vc_column width=&#8221;1\/2&#8243;][vc_column_text] Trentino Guest Card Genie\u00dfen Sie f\u00fcr die Zeit Ihres Aufenthalts Verg\u00fcnstigungen f\u00fcr Museen, Schl\u00f6sser und Sehensw\u00fcrdigkeiten. Gerne informieren wir Sie auch \u00fcber die M\u00f6glichkeiten \u00f6ffentliche Verkehrsmittel kostenlos zu nutzen.[\/vc_column_text][\/vc_column][vc_column width=&#8221;1\/2&#8243;][vc_single_image image=&#8221;801&#8243; img_size=&#8221;full&#8221; alignment=&#8221;right&#8221;][\/vc_column][\/vc_row][vc_row][vc_column][vc_column_text]Mehr Informationen erhalten Sie unter www.gardatrentino.it\/it\/Guest-Card-Trentino.[\/vc_column_text][\/vc_column][\/vc_row][vc_row][vc_column width=&#8221;1\/2&#8243;][vc_column_text] Weinbau &amp; Erzeugnisse Seit drei Generationen bauen wir hochqualitative&hellip;<\/p>\n","protected":false},"author":1,"featured_media":0,"parent":0,"menu_order":0,"comment_status":"closed","ping_status":"closed","template":"","meta":{"_acf_changed":false,"_monsterinsights_skip_tracking":false,"_monsterinsights_sitenote_active":false,"_monsterinsights_sitenote_note":"","_monsterinsights_sitenote_category":0,"footnotes":""},"class_list":["post-616","page","type-page","status-publish","hentry"],"acf":[],"yoast_head":"<!-- This site is optimized with the Yoast SEO plugin v27.4 - https:\/\/yoast.com\/product\/yoast-seo-wordpress\/ -->\n<title>Umgebung - Agriturismo La Terra | Arco | Gardasee<\/title>\n<meta name=\"robots\" content=\"index, follow, max-snippet:-1, max-image-preview:large, max-video-preview:-1\" \/>\n<link rel=\"canonical\" href=\"https:\/\/www.agriturlaterra.it\/de\/arco-lago-garda\/\" \/>\n<meta property=\"og:locale\" content=\"de_DE\" \/>\n<meta property=\"og:type\" content=\"article\" \/>\n<meta property=\"og:title\" content=\"Umgebung - Agriturismo La Terra | Arco | Gardasee\" \/>\n<meta property=\"og:description\" content=\"[vc_row][vc_column][vc_masonry_media_grid gap=&#8221;0&#8243; item=&#8221;758&#8243; initial_loading_animation=&#8221;fadeIn&#8221; grid_id=&#8221;vc_gid:1752071387666-cdb38f6d-6ae6-1&#8243; include=&#8221;881,878,876,832,880,877&#8243;][\/vc_column][\/vc_row][vc_row][vc_column width=&#8221;1\/2&#8243;][vc_column_text] Trentino Guest Card Genie\u00dfen Sie f\u00fcr die Zeit Ihres Aufenthalts Verg\u00fcnstigungen f\u00fcr Museen, Schl\u00f6sser und Sehensw\u00fcrdigkeiten. Gerne informieren wir Sie auch \u00fcber die M\u00f6glichkeiten \u00f6ffentliche Verkehrsmittel kostenlos zu nutzen.[\/vc_column_text][\/vc_column][vc_column width=&#8221;1\/2&#8243;][vc_single_image image=&#8221;801&#8243; img_size=&#8221;full&#8221; alignment=&#8221;right&#8221;][\/vc_column][\/vc_row][vc_row][vc_column][vc_column_text]Mehr Informationen erhalten Sie unter www.gardatrentino.it\/it\/Guest-Card-Trentino.[\/vc_column_text][\/vc_column][\/vc_row][vc_row][vc_column width=&#8221;1\/2&#8243;][vc_column_text] Weinbau &amp; Erzeugnisse Seit drei Generationen bauen wir hochqualitative&hellip;\" \/>\n<meta property=\"og:url\" content=\"https:\/\/www.agriturlaterra.it\/de\/arco-lago-garda\/\" \/>\n<meta property=\"og:site_name\" content=\"Agriturismo La Terra | Arco | Gardasee\" \/>\n<meta property=\"article:modified_time\" content=\"2025-07-09T14:30:29+00:00\" \/>\n<meta property=\"og:image\" content=\"https:\/\/www.agriturlaterra.it\/wp-content\/uploads\/2018\/06\/cantina-mezza-corona-trento-300x129.png\" \/>\n<meta name=\"twitter:card\" content=\"summary_large_image\" \/>\n<meta name=\"twitter:label1\" content=\"Est. reading time\" \/>\n\t<meta name=\"twitter:data1\" content=\"4 minutes\" \/>\n<script type=\"application\/ld+json\" class=\"yoast-schema-graph\">{\"@context\":\"https:\\\/\\\/schema.org\",\"@graph\":[{\"@type\":\"WebPage\",\"@id\":\"https:\\\/\\\/www.agriturlaterra.it\\\/de\\\/arco-lago-garda\\\/\",\"url\":\"https:\\\/\\\/www.agriturlaterra.it\\\/de\\\/arco-lago-garda\\\/\",\"name\":\"Umgebung - Agriturismo La Terra | Arco | Gardasee\",\"isPartOf\":{\"@id\":\"https:\\\/\\\/www.agriturlaterra.it\\\/#website\"},\"primaryImageOfPage\":{\"@id\":\"https:\\\/\\\/www.agriturlaterra.it\\\/de\\\/arco-lago-garda\\\/#primaryimage\"},\"image\":{\"@id\":\"https:\\\/\\\/www.agriturlaterra.it\\\/de\\\/arco-lago-garda\\\/#primaryimage\"},\"thumbnailUrl\":\"https:\\\/\\\/www.agriturlaterra.it\\\/wp-content\\\/uploads\\\/2018\\\/06\\\/cantina-mezza-corona-trento-300x129.png\",\"datePublished\":\"2018-05-02T15:43:12+00:00\",\"dateModified\":\"2025-07-09T14:30:29+00:00\",\"breadcrumb\":{\"@id\":\"https:\\\/\\\/www.agriturlaterra.it\\\/de\\\/arco-lago-garda\\\/#breadcrumb\"},\"inLanguage\":\"de-DE\",\"potentialAction\":[{\"@type\":\"ReadAction\",\"target\":[\"https:\\\/\\\/www.agriturlaterra.it\\\/de\\\/arco-lago-garda\\\/\"]}]},{\"@type\":\"ImageObject\",\"inLanguage\":\"de-DE\",\"@id\":\"https:\\\/\\\/www.agriturlaterra.it\\\/de\\\/arco-lago-garda\\\/#primaryimage\",\"url\":\"https:\\\/\\\/www.agriturlaterra.it\\\/wp-content\\\/uploads\\\/2018\\\/06\\\/cantina-mezza-corona-trento-300x129.png\",\"contentUrl\":\"https:\\\/\\\/www.agriturlaterra.it\\\/wp-content\\\/uploads\\\/2018\\\/06\\\/cantina-mezza-corona-trento-300x129.png\"},{\"@type\":\"BreadcrumbList\",\"@id\":\"https:\\\/\\\/www.agriturlaterra.it\\\/de\\\/arco-lago-garda\\\/#breadcrumb\",\"itemListElement\":[{\"@type\":\"ListItem\",\"position\":1,\"name\":\"Home\",\"item\":\"https:\\\/\\\/www.agriturlaterra.it\\\/de\\\/\"},{\"@type\":\"ListItem\",\"position\":2,\"name\":\"Umgebung\"}]},{\"@type\":\"WebSite\",\"@id\":\"https:\\\/\\\/www.agriturlaterra.it\\\/#website\",\"url\":\"https:\\\/\\\/www.agriturlaterra.it\\\/\",\"name\":\"Agriturismo La Terra | Arco | Gardasee\",\"description\":\"Agriturismo ad Arco\",\"potentialAction\":[{\"@type\":\"SearchAction\",\"target\":{\"@type\":\"EntryPoint\",\"urlTemplate\":\"https:\\\/\\\/www.agriturlaterra.it\\\/?s={search_term_string}\"},\"query-input\":{\"@type\":\"PropertyValueSpecification\",\"valueRequired\":true,\"valueName\":\"search_term_string\"}}],\"inLanguage\":\"de-DE\"}]}<\/script>\n<!-- \/ Yoast SEO plugin. -->","yoast_head_json":{"title":"Umgebung - Agriturismo La Terra | Arco | Gardasee","robots":{"index":"index","follow":"follow","max-snippet":"max-snippet:-1","max-image-preview":"max-image-preview:large","max-video-preview":"max-video-preview:-1"},"canonical":"https:\/\/www.agriturlaterra.it\/de\/arco-lago-garda\/","og_locale":"de_DE","og_type":"article","og_title":"Umgebung - Agriturismo La Terra | Arco | Gardasee","og_description":"[vc_row][vc_column][vc_masonry_media_grid gap=&#8221;0&#8243; item=&#8221;758&#8243; initial_loading_animation=&#8221;fadeIn&#8221; grid_id=&#8221;vc_gid:1752071387666-cdb38f6d-6ae6-1&#8243; include=&#8221;881,878,876,832,880,877&#8243;][\/vc_column][\/vc_row][vc_row][vc_column width=&#8221;1\/2&#8243;][vc_column_text] Trentino Guest Card Genie\u00dfen Sie f\u00fcr die Zeit Ihres Aufenthalts Verg\u00fcnstigungen f\u00fcr Museen, Schl\u00f6sser und Sehensw\u00fcrdigkeiten. Gerne informieren wir Sie auch \u00fcber die M\u00f6glichkeiten \u00f6ffentliche Verkehrsmittel kostenlos zu nutzen.[\/vc_column_text][\/vc_column][vc_column width=&#8221;1\/2&#8243;][vc_single_image image=&#8221;801&#8243; img_size=&#8221;full&#8221; alignment=&#8221;right&#8221;][\/vc_column][\/vc_row][vc_row][vc_column][vc_column_text]Mehr Informationen erhalten Sie unter www.gardatrentino.it\/it\/Guest-Card-Trentino.[\/vc_column_text][\/vc_column][\/vc_row][vc_row][vc_column width=&#8221;1\/2&#8243;][vc_column_text] Weinbau &amp; Erzeugnisse Seit drei Generationen bauen wir hochqualitative&hellip;","og_url":"https:\/\/www.agriturlaterra.it\/de\/arco-lago-garda\/","og_site_name":"Agriturismo La Terra | Arco | Gardasee","article_modified_time":"2025-07-09T14:30:29+00:00","og_image":[{"url":"https:\/\/www.agriturlaterra.it\/wp-content\/uploads\/2018\/06\/cantina-mezza-corona-trento-300x129.png","type":"","width":"","height":""}],"twitter_card":"summary_large_image","twitter_misc":{"Est. reading time":"4 minutes"},"schema":{"@context":"https:\/\/schema.org","@graph":[{"@type":"WebPage","@id":"https:\/\/www.agriturlaterra.it\/de\/arco-lago-garda\/","url":"https:\/\/www.agriturlaterra.it\/de\/arco-lago-garda\/","name":"Umgebung - Agriturismo La Terra | Arco | Gardasee","isPartOf":{"@id":"https:\/\/www.agriturlaterra.it\/#website"},"primaryImageOfPage":{"@id":"https:\/\/www.agriturlaterra.it\/de\/arco-lago-garda\/#primaryimage"},"image":{"@id":"https:\/\/www.agriturlaterra.it\/de\/arco-lago-garda\/#primaryimage"},"thumbnailUrl":"https:\/\/www.agriturlaterra.it\/wp-content\/uploads\/2018\/06\/cantina-mezza-corona-trento-300x129.png","datePublished":"2018-05-02T15:43:12+00:00","dateModified":"2025-07-09T14:30:29+00:00","breadcrumb":{"@id":"https:\/\/www.agriturlaterra.it\/de\/arco-lago-garda\/#breadcrumb"},"inLanguage":"de-DE","potentialAction":[{"@type":"ReadAction","target":["https:\/\/www.agriturlaterra.it\/de\/arco-lago-garda\/"]}]},{"@type":"ImageObject","inLanguage":"de-DE","@id":"https:\/\/www.agriturlaterra.it\/de\/arco-lago-garda\/#primaryimage","url":"https:\/\/www.agriturlaterra.it\/wp-content\/uploads\/2018\/06\/cantina-mezza-corona-trento-300x129.png","contentUrl":"https:\/\/www.agriturlaterra.it\/wp-content\/uploads\/2018\/06\/cantina-mezza-corona-trento-300x129.png"},{"@type":"BreadcrumbList","@id":"https:\/\/www.agriturlaterra.it\/de\/arco-lago-garda\/#breadcrumb","itemListElement":[{"@type":"ListItem","position":1,"name":"Home","item":"https:\/\/www.agriturlaterra.it\/de\/"},{"@type":"ListItem","position":2,"name":"Umgebung"}]},{"@type":"WebSite","@id":"https:\/\/www.agriturlaterra.it\/#website","url":"https:\/\/www.agriturlaterra.it\/","name":"Agriturismo La Terra | Arco | Gardasee","description":"Agriturismo ad Arco","potentialAction":[{"@type":"SearchAction","target":{"@type":"EntryPoint","urlTemplate":"https:\/\/www.agriturlaterra.it\/?s={search_term_string}"},"query-input":{"@type":"PropertyValueSpecification","valueRequired":true,"valueName":"search_term_string"}}],"inLanguage":"de-DE"}]}},"_links":{"self":[{"href":"https:\/\/www.agriturlaterra.it\/de\/wp-json\/wp\/v2\/pages\/616","targetHints":{"allow":["GET"]}}],"collection":[{"href":"https:\/\/www.agriturlaterra.it\/de\/wp-json\/wp\/v2\/pages"}],"about":[{"href":"https:\/\/www.agriturlaterra.it\/de\/wp-json\/wp\/v2\/types\/page"}],"author":[{"embeddable":true,"href":"https:\/\/www.agriturlaterra.it\/de\/wp-json\/wp\/v2\/users\/1"}],"replies":[{"embeddable":true,"href":"https:\/\/www.agriturlaterra.it\/de\/wp-json\/wp\/v2\/comments?post=616"}],"version-history":[{"count":21,"href":"https:\/\/www.agriturlaterra.it\/de\/wp-json\/wp\/v2\/pages\/616\/revisions"}],"predecessor-version":[{"id":1336,"href":"https:\/\/www.agriturlaterra.it\/de\/wp-json\/wp\/v2\/pages\/616\/revisions\/1336"}],"wp:attachment":[{"href":"https:\/\/www.agriturlaterra.it\/de\/wp-json\/wp\/v2\/media?parent=616"}],"curies":[{"name":"wp","href":"https:\/\/api.w.org\/{rel}","templated":true}]}}